{"id":23435,"date":"2025-04-23T12:08:06","date_gmt":"2025-04-23T16:08:06","guid":{"rendered":"https:\/\/fcsn.org\/?post_type=tribe_events&#038;p=23435"},"modified":"2025-07-07T11:43:48","modified_gmt":"2025-07-07T15:43:48","slug":"quyen-co-ban-hieu-ve-iep","status":"publish","type":"tribe_events","link":"https:\/\/fcsn.org\/es\/event\/quyen-co-ban-hieu-ve-iep\/","title":{"rendered":"Quy\u1ec1n c\u01a1 b\u1ea3n: Hi\u1ec3u v\u1ec1 IEP"},"content":{"rendered":"<p>B\u00e0i thuy\u1ebft tr\u00ecnh n\u00e0y \u0111\u01b0\u1ee3c x\u00e2y d\u1ef1ng \u0111\u1ec3 gi\u00fap c\u00e1c gia \u0111\u00ecnh hi\u1ec3u s\u00e2u h\u01a1n v\u1ec1 ch\u01b0\u01a1ng tr\u00ecnh Gi\u00e1o D\u1ee5c \u0110\u1eb7c Bi\u1ec7t cho m\u1ed7i C\u00e1 Nh\u00e2n hay con \u0111\u01b0\u1ee3c vi\u1ebft t\u1eaft l\u00e0 IEP. Ch\u00fang ta s\u1ebd th\u1ea3o lu\u1eadn v\u1ec1 l\u00fd do t\u1ea1i sao t\u00e0i li\u1ec7u n\u00e0y quan tr\u1ecdng, v\u00e0 c\u00e1ch x\u00e2y d\u1ef1ng c\u00e1c ph\u1ea7n kh\u00e1c nhau c\u1ee7a t\u00e0i li\u1ec7u. C\u00e1c cu\u1ed9c th\u1ea3o lu\u1eadn ti\u1ebfp theo s\u1ebd t\u1eadp trung v\u00e0o c\u00e1c lo\u1ea1i d\u1ecbch v\u1ee5 \u0111\u01b0\u1ee3c bao g\u1ed3m v\u00e0 c\u00e1c m\u1ee5c ti\u00eau c\u00f3 th\u1ec3 \u0111o l\u01b0\u1eddng \u0111\u01b0\u1ee3c. B\u1ea1n c\u0169ng s\u1ebd t\u00ecm hi\u1ec3u v\u1ec1 nh\u1eefng vi\u1ec7c c\u1ea7n l\u00e0m khi nh\u1eadn \u0111\u01b0\u1ee3c \u0111\u1ec1 xu\u1ea5t v\u1ec1 ch\u01b0\u01a1ng tr\u00ecnh IEP, v\u00e0 quy\u1ec1n t\u1ed1 t\u1ee5ng h\u1ee3p ph\u00e1p c\u1ee7a ph\u1ee5 huynh \u0111\u1ec3 gi\u1ea3i quy\u1ebft tranh ch\u1ea5p.<\/p>\n<p>Vui l\u00f2ng g\u1eedi email cho Vongtaychame Vi\u1ec7t theo \u0111\u1ecba ch\u1ec9 <a href=\"mailto:vongtaychameviet@gmail.com\">mailto:vongtaychameviet@gmail.com<\/a> \u0111\u1ec3 l\u1ea5y li\u00ean k\u1ebft cu\u1ed9c h\u1ecdp.<\/p>\n<p>Vui l\u00f2ng li\u00ean h\u1ec7 v\u1edbi KimChi Nguyen theo \u0111\u1ecba ch\u1ec9 <a href=\"mailto:knguyen@fcsn.org\">mailto:knguyen@fcsn.org<\/a> n\u1ebfu b\u1ea1n c\u00f3 b\u1ea5t k\u1ef3 c\u00e2u h\u1ecfi n\u00e0o v\u1ec1 b\u00e0i thuy\u1ebft tr\u00ecnh n\u00e0y.<\/p>\n<p>\u0110\u0103ng k\u00fd n\u00e0y \u00e1p d\u1ee5ng cho c\u1ea3 3 h\u1ed9i th\u1ea3o Quy\u1ec1n c\u01a1 b\u1ea3n s\u1ebd \u0111\u01b0\u1ee3c tr\u00ecnh b\u00e0y b\u1eb1ng ti\u1ebfng Vi\u1ec7t v\u00e0o ng\u00e0y 8 th\u00e1ng 5, ng\u00e0y 5 th\u00e1ng 6 v\u00e0 ng\u00e0y 12 th\u00e1ng 6. B\u1ea1n kh\u00f4ng c\u1ea7n ph\u1ea3i \u0111\u0103ng k\u00fd cho t\u1eebng h\u1ed9i th\u1ea3o ri\u00eang bi\u1ec7t.<\/p>\n<p class=\"gform_not_found\">Oops! We could not locate your form.<\/p>\n","protected":false},"excerpt":{"rendered":"<p>B\u00e0i thuy\u1ebft tr\u00ecnh n\u00e0y \u0111\u01b0\u1ee3c x\u00e2y d\u1ef1ng \u0111\u1ec3 gi\u00fap c\u00e1c gia \u0111\u00ecnh hi\u1ec3u s\u00e2u h\u01a1n v\u1ec1 ch\u01b0\u01a1ng tr\u00ecnh Gi\u00e1o D\u1ee5c \u0110\u1eb7c Bi\u1ec7t cho m\u1ed7i C\u00e1 Nh\u00e2n hay con \u0111\u01b0\u1ee3c vi\u1ebft [&hellip;]<\/p>\n","protected":false},"author":42,"featured_media":0,"template":"","meta":{"_acf_changed":false,"_et_pb_use_builder":"","_et_pb_old_content":"","_et_gb_content_width":"","_monsterinsights_skip_tracking":false,"_tribe_events_status":"","_tribe_events_status_reason":"","_tribe_events_is_hybrid":"","_tribe_events_is_virtual":"","_tribe_events_virtual_video_source":"","_tribe_events_virtual_embed_video":"","_tribe_events_virtual_linked_button_text":"","_tribe_events_virtual_linked_button":"","_tribe_events_virtual_show_embed_at":"","_tribe_events_virtual_show_embed_to":[],"_tribe_events_virtual_show_on_event":"","_tribe_events_virtual_show_on_views":"","_tribe_events_virtual_url":"","footnotes":""},"tags":[],"tribe_events_cat":[],"class_list":["post-23435","tribe_events","type-tribe_events","status-publish","hentry"],"translation":{"provider":"WPGlobus","version":"3.0.5","language":"es","enabled_languages":["en","es","pt","ar","zh","vi"],"languages":{"en":{"title":true,"content":true,"excerpt":false},"es":{"title":false,"content":false,"excerpt":false},"pt":{"title":false,"content":false,"excerpt":false},"ar":{"title":false,"content":false,"excerpt":false},"zh":{"title":false,"content":false,"excerpt":false},"vi":{"title":false,"content":false,"excerpt":false}}},"acf":[],"yoast_head":"<!-- This site is optimized with the Yoast SEO plugin v28.4 - https:\/\/yoast.com\/product\/yoast-seo-wordpress\/ -->\n<title>Quy\u1ec1n c\u01a1 b\u1ea3n: Hi\u1ec3u v\u1ec1 IEP - Federation for Children with Special Needs<\/title>\n<meta name=\"robots\" content=\"index, follow, max-snippet:-1, max-image-preview:large, max-video-preview:-1\" \/>\n<link rel=\"canonical\" href=\"https:\/\/fcsn.org\/event\/quyen-co-ban-hieu-ve-iep\/\" \/>\n<meta property=\"og:locale\" content=\"es_ES\" \/>\n<meta property=\"og:type\" content=\"article\" \/>\n<meta property=\"og:title\" content=\"Quy\u1ec1n c\u01a1 b\u1ea3n: Hi\u1ec3u v\u1ec1 IEP - Federation for Children with Special Needs\" \/>\n<meta property=\"og:url\" content=\"https:\/\/fcsn.org\/event\/quyen-co-ban-hieu-ve-iep\/\" \/>\n<meta property=\"og:site_name\" content=\"Federation for Children with Special Needs\" \/>\n<meta property=\"article:modified_time\" content=\"2025-07-07T15:43:48+00:00\" \/>\n<meta name=\"twitter:card\" content=\"summary_large_image\" \/>\n<meta name=\"twitter:label1\" content=\"Est. reading time\" \/>\n\t<meta name=\"twitter:data1\" content=\"2 minutes\" \/>\n<script type=\"application\/ld+json\" class=\"yoast-schema-graph\">{\"@context\":\"https:\\\/\\\/schema.org\",\"@graph\":[{\"@type\":\"WebPage\",\"@id\":\"https:\\\/\\\/fcsn.org\\\/event\\\/quyen-co-ban-hieu-ve-iep\\\/\",\"url\":\"https:\\\/\\\/fcsn.org\\\/event\\\/quyen-co-ban-hieu-ve-iep\\\/\",\"name\":\"Quy\u1ec1n c\u01a1 b\u1ea3n: Hi\u1ec3u v\u1ec1 IEP - Federation for Children with Special Needs\",\"isPartOf\":{\"@id\":\"https:\\\/\\\/fcsn.org\\\/#website\"},\"datePublished\":\"2025-04-23T16:08:06+00:00\",\"dateModified\":\"2025-07-07T15:43:48+00:00\",\"breadcrumb\":{\"@id\":\"https:\\\/\\\/fcsn.org\\\/event\\\/quyen-co-ban-hieu-ve-iep\\\/#breadcrumb\"},\"inLanguage\":\"es-ES\",\"potentialAction\":[{\"@type\":\"ReadAction\",\"target\":[\"https:\\\/\\\/fcsn.org\\\/event\\\/quyen-co-ban-hieu-ve-iep\\\/\"]}]},{\"@type\":\"BreadcrumbList\",\"@id\":\"https:\\\/\\\/fcsn.org\\\/event\\\/quyen-co-ban-hieu-ve-iep\\\/#breadcrumb\",\"itemListElement\":[{\"@type\":\"ListItem\",\"position\":1,\"name\":\"Home\",\"item\":\"https:\\\/\\\/fcsn.org\\\/\"},{\"@type\":\"ListItem\",\"position\":2,\"name\":\"Events\",\"item\":\"https:\\\/\\\/staging3.fcsn.org\\\/events\\\/\"},{\"@type\":\"ListItem\",\"position\":3,\"name\":\"Quy\u1ec1n c\u01a1 b\u1ea3n: Hi\u1ec3u v\u1ec1 IEP\"}]},{\"@type\":\"WebSite\",\"@id\":\"https:\\\/\\\/fcsn.org\\\/#website\",\"url\":\"https:\\\/\\\/fcsn.org\\\/\",\"name\":\"Federation for Children with Special Needs\",\"description\":\"\",\"publisher\":{\"@id\":\"https:\\\/\\\/fcsn.org\\\/#organization\"},\"potentialAction\":[{\"@type\":\"SearchAction\",\"target\":{\"@type\":\"EntryPoint\",\"urlTemplate\":\"https:\\\/\\\/fcsn.org\\\/?s={search_term_string}\"},\"query-input\":{\"@type\":\"PropertyValueSpecification\",\"valueRequired\":true,\"valueName\":\"search_term_string\"}}],\"inLanguage\":\"es-ES\"},{\"@type\":\"Organization\",\"@id\":\"https:\\\/\\\/fcsn.org\\\/#organization\",\"name\":\"Federation for Children with Special Needs\",\"url\":\"https:\\\/\\\/fcsn.org\\\/\",\"logo\":{\"@type\":\"ImageObject\",\"inLanguage\":\"es-ES\",\"@id\":\"https:\\\/\\\/fcsn.org\\\/#\\\/schema\\\/logo\\\/image\\\/\",\"url\":\"\",\"contentUrl\":\"\",\"caption\":\"Federation for Children with Special Needs\"},\"image\":{\"@id\":\"https:\\\/\\\/fcsn.org\\\/#\\\/schema\\\/logo\\\/image\\\/\"}}]}<\/script>\n<!-- \/ Yoast SEO plugin. -->","yoast_head_json":{"title":"Quy\u1ec1n c\u01a1 b\u1ea3n: Hi\u1ec3u v\u1ec1 IEP - Federation for Children with Special Needs","robots":{"index":"index","follow":"follow","max-snippet":"max-snippet:-1","max-image-preview":"max-image-preview:large","max-video-preview":"max-video-preview:-1"},"canonical":"https:\/\/fcsn.org\/event\/quyen-co-ban-hieu-ve-iep\/","og_locale":"es_ES","og_type":"article","og_title":"Quy\u1ec1n c\u01a1 b\u1ea3n: Hi\u1ec3u v\u1ec1 IEP - Federation for Children with Special Needs","og_url":"https:\/\/fcsn.org\/event\/quyen-co-ban-hieu-ve-iep\/","og_site_name":"Federation for Children with Special Needs","article_modified_time":"2025-07-07T15:43:48+00:00","twitter_card":"summary_large_image","twitter_misc":{"Est. reading time":"2 minutes"},"schema":{"@context":"https:\/\/schema.org","@graph":[{"@type":"WebPage","@id":"https:\/\/fcsn.org\/event\/quyen-co-ban-hieu-ve-iep\/","url":"https:\/\/fcsn.org\/event\/quyen-co-ban-hieu-ve-iep\/","name":"Quy\u1ec1n c\u01a1 b\u1ea3n: Hi\u1ec3u v\u1ec1 IEP - Federation for Children with Special Needs","isPartOf":{"@id":"https:\/\/fcsn.org\/#website"},"datePublished":"2025-04-23T16:08:06+00:00","dateModified":"2025-07-07T15:43:48+00:00","breadcrumb":{"@id":"https:\/\/fcsn.org\/event\/quyen-co-ban-hieu-ve-iep\/#breadcrumb"},"inLanguage":"es-ES","potentialAction":[{"@type":"ReadAction","target":["https:\/\/fcsn.org\/event\/quyen-co-ban-hieu-ve-iep\/"]}]},{"@type":"BreadcrumbList","@id":"https:\/\/fcsn.org\/event\/quyen-co-ban-hieu-ve-iep\/#breadcrumb","itemListElement":[{"@type":"ListItem","position":1,"name":"Home","item":"https:\/\/fcsn.org\/"},{"@type":"ListItem","position":2,"name":"Events","item":"https:\/\/staging3.fcsn.org\/events\/"},{"@type":"ListItem","position":3,"name":"Quy\u1ec1n c\u01a1 b\u1ea3n: Hi\u1ec3u v\u1ec1 IEP"}]},{"@type":"WebSite","@id":"https:\/\/fcsn.org\/#website","url":"https:\/\/fcsn.org\/","name":"Federation for Children with Special Needs","description":"","publisher":{"@id":"https:\/\/fcsn.org\/#organization"},"potentialAction":[{"@type":"SearchAction","target":{"@type":"EntryPoint","urlTemplate":"https:\/\/fcsn.org\/?s={search_term_string}"},"query-input":{"@type":"PropertyValueSpecification","valueRequired":true,"valueName":"search_term_string"}}],"inLanguage":"es-ES"},{"@type":"Organization","@id":"https:\/\/fcsn.org\/#organization","name":"Federation for Children with Special Needs","url":"https:\/\/fcsn.org\/","logo":{"@type":"ImageObject","inLanguage":"es-ES","@id":"https:\/\/fcsn.org\/#\/schema\/logo\/image\/","url":"","contentUrl":"","caption":"Federation for Children with Special Needs"},"image":{"@id":"https:\/\/fcsn.org\/#\/schema\/logo\/image\/"}}]}},"jetpack_sharing_enabled":true,"_links":{"self":[{"href":"https:\/\/fcsn.org\/es\/wp-json\/wp\/v2\/tribe_events\/23435","targetHints":{"allow":["GET"]}}],"collection":[{"href":"https:\/\/fcsn.org\/es\/wp-json\/wp\/v2\/tribe_events"}],"about":[{"href":"https:\/\/fcsn.org\/es\/wp-json\/wp\/v2\/types\/tribe_events"}],"author":[{"embeddable":true,"href":"https:\/\/fcsn.org\/es\/wp-json\/wp\/v2\/users\/42"}],"version-history":[{"count":1,"href":"https:\/\/fcsn.org\/es\/wp-json\/wp\/v2\/tribe_events\/23435\/revisions"}],"predecessor-version":[{"id":1387189,"href":"https:\/\/fcsn.org\/es\/wp-json\/wp\/v2\/tribe_events\/23435\/revisions\/1387189"}],"wp:attachment":[{"href":"https:\/\/fcsn.org\/es\/wp-json\/wp\/v2\/media?parent=23435"}],"wp:term":[{"taxonomy":"post_tag","embeddable":true,"href":"https:\/\/fcsn.org\/es\/wp-json\/wp\/v2\/tags?post=23435"},{"taxonomy":"tribe_events_cat","embeddable":true,"href":"https:\/\/fcsn.org\/es\/wp-json\/wp\/v2\/tribe_events_cat?post=23435"}],"curies":[{"name":"wp","href":"https:\/\/api.w.org\/{rel}","templated":true}]}}