{"id":23437,"date":"2025-04-23T12:09:09","date_gmt":"2025-04-23T16:09:09","guid":{"rendered":"https:\/\/fcsn.org\/?post_type=tribe_events&#038;p=23437"},"modified":"2025-07-07T11:54:25","modified_gmt":"2025-07-07T15:54:25","slug":"quyen-co-ban-danh-gia-va-du-dieu-kien","status":"publish","type":"tribe_events","link":"https:\/\/fcsn.org\/pt\/event\/quyen-co-ban-danh-gia-va-du-dieu-kien\/","title":{"rendered":"Quy\u1ec1n c\u01a1 b\u1ea3n: \u0110\u00e1nh gi\u00e1 v\u00e0 \u0111\u1ee7 \u0111i\u1ec1u ki\u1ec7n"},"content":{"rendered":"<p>B\u00e0i thuy\u1ebft tr\u00ecnh n\u00e0y l\u00e0 ph\u1ea7n gi\u1edbi thi\u1ec7u to\u00e0n di\u1ec7n v\u1ec1 lu\u1eadt v\u00e0 quy tr\u00ecnh Gi\u00e1o D\u1ee5c \u0110\u1eb7c Bi\u1ec7t. Ch\u00fang ta s\u1ebd \u0111i s\u00e2u v\u00e0o m\u1ee5c \u0111\u00edch c\u1ee7a lu\u1eadt, gi\u1edbi thi\u1ec7u, \u0111\u00e1nh gi\u00e1 v\u00e0 quy tr\u00ecnh thi\u1ebft l\u1eadp cu\u1ed9c h\u1ecdp v\u1edbi \u0111\u1ed9i ng\u0169 gi\u00e1o vi\u00ean, v\u00e0 trong \u0111\u00f3 bao g\u1ed3m x\u00e1c \u0111\u1ecbnh h\u1ecdc sinh \u0111\u00f3 c\u00f3 h\u1ed9i \u0111\u1ee7 \u0111i\u1ec1u ki\u1ec7n. C\u00e1c cu\u1ed9c th\u1ea3o lu\u1eadn ti\u1ebfp theo s\u1ebd t\u1eadp trung v\u00e0o c\u00e1c d\u1ecbch v\u1ee5, trong vi\u1ec7c s\u1eafp x\u1ebfp v\u00e0 nh\u1eefng vi\u1ec7c c\u1ea7n l\u00e0m khi b\u1ea1n nh\u1eadn \u0111\u01b0\u1ee3c IEP \u0111\u01b0\u1ee3c \u0111\u1ec1 xu\u1ea5t. B\u1ea1n c\u0169ng s\u1ebd t\u00ecm hi\u1ec3u nh\u1eefng vi\u1ec7c c\u1ea7n l\u00e0m n\u1ebfu h\u1ecdc sinh kh\u00f4ng \u0111\u1ee7 \u0111i\u1ec1u ki\u1ec7n v\u00e0 quy\u1ec1n t\u1ed1 t\u1ee5ng h\u1ee3p ph\u00e1p c\u1ee7a ph\u1ee5 huynh \u0111\u1ec3 gi\u1ea3i quy\u1ebft tranh ch\u1ea5p.<\/p>\n<p>Vui l\u00f2ng g\u1eedi email cho Vongtaychame Vi\u1ec7t theo \u0111\u1ecba ch\u1ec9 <a href=\"vongtaychameviet@gmail.com\">vongtaychameviet@gmail.com<\/a> \u0111\u1ec3 l\u1ea5y li\u00ean k\u1ebft cu\u1ed9c h\u1ecdp.<\/p>\n<p>Vui l\u00f2ng li\u00ean h\u1ec7 v\u1edbi KimChi Nguyen theo \u0111\u1ecba ch\u1ec9 <a href=\"knguyen@fcsn.org\">knguyen@fcsn.org<\/a> n\u1ebfu b\u1ea1n c\u00f3 b\u1ea5t k\u1ef3 c\u00e2u h\u1ecfi n\u00e0o v\u1ec1 b\u00e0i thuy\u1ebft tr\u00ecnh n\u00e0y.<\/p>\n<p>\u0110\u0103ng k\u00fd n\u00e0y \u00e1p d\u1ee5ng cho c\u1ea3 3 h\u1ed9i th\u1ea3o Quy\u1ec1n c\u01a1 b\u1ea3n s\u1ebd \u0111\u01b0\u1ee3c tr\u00ecnh b\u00e0y b\u1eb1ng ti\u1ebfng Vi\u1ec7t v\u00e0o ng\u00e0y 8 th\u00e1ng 5, ng\u00e0y 5 th\u00e1ng 6 v\u00e0 ng\u00e0y 12 th\u00e1ng 6. B\u1ea1n kh\u00f4ng c\u1ea7n ph\u1ea3i \u0111\u0103ng k\u00fd cho t\u1eebng h\u1ed9i th\u1ea3o ri\u00eang bi\u1ec7t.<\/p>\n<p class=\"gform_not_found\">Oops! We could not locate your form.<\/p>\n","protected":false},"excerpt":{"rendered":"<p>B\u00e0i thuy\u1ebft tr\u00ecnh n\u00e0y l\u00e0 ph\u1ea7n gi\u1edbi thi\u1ec7u to\u00e0n di\u1ec7n v\u1ec1 lu\u1eadt v\u00e0 quy tr\u00ecnh Gi\u00e1o D\u1ee5c \u0110\u1eb7c Bi\u1ec7t. Ch\u00fang ta s\u1ebd \u0111i s\u00e2u v\u00e0o m\u1ee5c \u0111\u00edch c\u1ee7a lu\u1eadt, gi\u1edbi [&hellip;]<\/p>\n","protected":false},"author":42,"featured_media":0,"template":"","meta":{"_acf_changed":false,"_et_pb_use_builder":"","_et_pb_old_content":"","_et_gb_content_width":"","_monsterinsights_skip_tracking":false,"_tribe_events_status":"","_tribe_events_status_reason":"","_tribe_events_is_hybrid":"","_tribe_events_is_virtual":"","_tribe_events_virtual_video_source":"","_tribe_events_virtual_embed_video":"","_tribe_events_virtual_linked_button_text":"","_tribe_events_virtual_linked_button":"","_tribe_events_virtual_show_embed_at":"","_tribe_events_virtual_show_embed_to":[],"_tribe_events_virtual_show_on_event":"","_tribe_events_virtual_show_on_views":"","_tribe_events_virtual_url":"","footnotes":""},"tags":[],"tribe_events_cat":[],"class_list":["post-23437","tribe_events","type-tribe_events","status-publish","hentry"],"translation":{"provider":"WPGlobus","version":"3.0.5","language":"pt","enabled_languages":["en","es","pt","ar","zh","vi"],"languages":{"en":{"title":true,"content":true,"excerpt":false},"es":{"title":false,"content":false,"excerpt":false},"pt":{"title":false,"content":false,"excerpt":false},"ar":{"title":false,"content":false,"excerpt":false},"zh":{"title":false,"content":false,"excerpt":false},"vi":{"title":false,"content":false,"excerpt":false}}},"acf":[],"yoast_head":"<!-- This site is optimized with the Yoast SEO plugin v28.4 - https:\/\/yoast.com\/product\/yoast-seo-wordpress\/ -->\n<title>Quy\u1ec1n c\u01a1 b\u1ea3n: \u0110\u00e1nh gi\u00e1 v\u00e0 \u0111\u1ee7 \u0111i\u1ec1u ki\u1ec7n - Federation for Children with Special Needs<\/title>\n<meta name=\"robots\" content=\"index, follow, max-snippet:-1, max-image-preview:large, max-video-preview:-1\" \/>\n<link rel=\"canonical\" href=\"https:\/\/fcsn.org\/event\/quyen-co-ban-danh-gia-va-du-dieu-kien\/\" \/>\n<meta property=\"og:locale\" content=\"pt_PT\" \/>\n<meta property=\"og:type\" content=\"article\" \/>\n<meta property=\"og:title\" content=\"Quy\u1ec1n c\u01a1 b\u1ea3n: \u0110\u00e1nh gi\u00e1 v\u00e0 \u0111\u1ee7 \u0111i\u1ec1u ki\u1ec7n - Federation for Children with Special Needs\" \/>\n<meta property=\"og:url\" content=\"https:\/\/fcsn.org\/event\/quyen-co-ban-danh-gia-va-du-dieu-kien\/\" \/>\n<meta property=\"og:site_name\" content=\"Federation for Children with Special Needs\" \/>\n<meta property=\"article:modified_time\" content=\"2025-07-07T15:54:25+00:00\" \/>\n<meta name=\"twitter:card\" content=\"summary_large_image\" \/>\n<meta name=\"twitter:label1\" content=\"Est. reading time\" \/>\n\t<meta name=\"twitter:data1\" content=\"1 minute\" \/>\n<script type=\"application\/ld+json\" class=\"yoast-schema-graph\">{\"@context\":\"https:\\\/\\\/schema.org\",\"@graph\":[{\"@type\":\"WebPage\",\"@id\":\"https:\\\/\\\/fcsn.org\\\/event\\\/quyen-co-ban-danh-gia-va-du-dieu-kien\\\/\",\"url\":\"https:\\\/\\\/fcsn.org\\\/event\\\/quyen-co-ban-danh-gia-va-du-dieu-kien\\\/\",\"name\":\"Quy\u1ec1n c\u01a1 b\u1ea3n: \u0110\u00e1nh gi\u00e1 v\u00e0 \u0111\u1ee7 \u0111i\u1ec1u ki\u1ec7n - Federation for Children with Special Needs\",\"isPartOf\":{\"@id\":\"https:\\\/\\\/fcsn.org\\\/#website\"},\"datePublished\":\"2025-04-23T16:09:09+00:00\",\"dateModified\":\"2025-07-07T15:54:25+00:00\",\"breadcrumb\":{\"@id\":\"https:\\\/\\\/fcsn.org\\\/event\\\/quyen-co-ban-danh-gia-va-du-dieu-kien\\\/#breadcrumb\"},\"inLanguage\":\"pt-PT\",\"potentialAction\":[{\"@type\":\"ReadAction\",\"target\":[\"https:\\\/\\\/fcsn.org\\\/event\\\/quyen-co-ban-danh-gia-va-du-dieu-kien\\\/\"]}]},{\"@type\":\"BreadcrumbList\",\"@id\":\"https:\\\/\\\/fcsn.org\\\/event\\\/quyen-co-ban-danh-gia-va-du-dieu-kien\\\/#breadcrumb\",\"itemListElement\":[{\"@type\":\"ListItem\",\"position\":1,\"name\":\"Home\",\"item\":\"https:\\\/\\\/fcsn.org\\\/\"},{\"@type\":\"ListItem\",\"position\":2,\"name\":\"Events\",\"item\":\"https:\\\/\\\/staging3.fcsn.org\\\/events\\\/\"},{\"@type\":\"ListItem\",\"position\":3,\"name\":\"Quy\u1ec1n c\u01a1 b\u1ea3n: \u0110\u00e1nh gi\u00e1 v\u00e0 \u0111\u1ee7 \u0111i\u1ec1u ki\u1ec7n\"}]},{\"@type\":\"WebSite\",\"@id\":\"https:\\\/\\\/fcsn.org\\\/#website\",\"url\":\"https:\\\/\\\/fcsn.org\\\/\",\"name\":\"Federation for Children with Special Needs\",\"description\":\"\",\"publisher\":{\"@id\":\"https:\\\/\\\/fcsn.org\\\/#organization\"},\"potentialAction\":[{\"@type\":\"SearchAction\",\"target\":{\"@type\":\"EntryPoint\",\"urlTemplate\":\"https:\\\/\\\/fcsn.org\\\/?s={search_term_string}\"},\"query-input\":{\"@type\":\"PropertyValueSpecification\",\"valueRequired\":true,\"valueName\":\"search_term_string\"}}],\"inLanguage\":\"pt-PT\"},{\"@type\":\"Organization\",\"@id\":\"https:\\\/\\\/fcsn.org\\\/#organization\",\"name\":\"Federation for Children with Special Needs\",\"url\":\"https:\\\/\\\/fcsn.org\\\/\",\"logo\":{\"@type\":\"ImageObject\",\"inLanguage\":\"pt-PT\",\"@id\":\"https:\\\/\\\/fcsn.org\\\/#\\\/schema\\\/logo\\\/image\\\/\",\"url\":\"\",\"contentUrl\":\"\",\"caption\":\"Federation for Children with Special Needs\"},\"image\":{\"@id\":\"https:\\\/\\\/fcsn.org\\\/#\\\/schema\\\/logo\\\/image\\\/\"}}]}<\/script>\n<!-- \/ Yoast SEO plugin. -->","yoast_head_json":{"title":"Quy\u1ec1n c\u01a1 b\u1ea3n: \u0110\u00e1nh gi\u00e1 v\u00e0 \u0111\u1ee7 \u0111i\u1ec1u ki\u1ec7n - Federation for Children with Special Needs","robots":{"index":"index","follow":"follow","max-snippet":"max-snippet:-1","max-image-preview":"max-image-preview:large","max-video-preview":"max-video-preview:-1"},"canonical":"https:\/\/fcsn.org\/event\/quyen-co-ban-danh-gia-va-du-dieu-kien\/","og_locale":"pt_PT","og_type":"article","og_title":"Quy\u1ec1n c\u01a1 b\u1ea3n: \u0110\u00e1nh gi\u00e1 v\u00e0 \u0111\u1ee7 \u0111i\u1ec1u ki\u1ec7n - Federation for Children with Special Needs","og_url":"https:\/\/fcsn.org\/event\/quyen-co-ban-danh-gia-va-du-dieu-kien\/","og_site_name":"Federation for Children with Special Needs","article_modified_time":"2025-07-07T15:54:25+00:00","twitter_card":"summary_large_image","twitter_misc":{"Est. reading time":"1 minute"},"schema":{"@context":"https:\/\/schema.org","@graph":[{"@type":"WebPage","@id":"https:\/\/fcsn.org\/event\/quyen-co-ban-danh-gia-va-du-dieu-kien\/","url":"https:\/\/fcsn.org\/event\/quyen-co-ban-danh-gia-va-du-dieu-kien\/","name":"Quy\u1ec1n c\u01a1 b\u1ea3n: \u0110\u00e1nh gi\u00e1 v\u00e0 \u0111\u1ee7 \u0111i\u1ec1u ki\u1ec7n - Federation for Children with Special Needs","isPartOf":{"@id":"https:\/\/fcsn.org\/#website"},"datePublished":"2025-04-23T16:09:09+00:00","dateModified":"2025-07-07T15:54:25+00:00","breadcrumb":{"@id":"https:\/\/fcsn.org\/event\/quyen-co-ban-danh-gia-va-du-dieu-kien\/#breadcrumb"},"inLanguage":"pt-PT","potentialAction":[{"@type":"ReadAction","target":["https:\/\/fcsn.org\/event\/quyen-co-ban-danh-gia-va-du-dieu-kien\/"]}]},{"@type":"BreadcrumbList","@id":"https:\/\/fcsn.org\/event\/quyen-co-ban-danh-gia-va-du-dieu-kien\/#breadcrumb","itemListElement":[{"@type":"ListItem","position":1,"name":"Home","item":"https:\/\/fcsn.org\/"},{"@type":"ListItem","position":2,"name":"Events","item":"https:\/\/staging3.fcsn.org\/events\/"},{"@type":"ListItem","position":3,"name":"Quy\u1ec1n c\u01a1 b\u1ea3n: \u0110\u00e1nh gi\u00e1 v\u00e0 \u0111\u1ee7 \u0111i\u1ec1u ki\u1ec7n"}]},{"@type":"WebSite","@id":"https:\/\/fcsn.org\/#website","url":"https:\/\/fcsn.org\/","name":"Federation for Children with Special Needs","description":"","publisher":{"@id":"https:\/\/fcsn.org\/#organization"},"potentialAction":[{"@type":"SearchAction","target":{"@type":"EntryPoint","urlTemplate":"https:\/\/fcsn.org\/?s={search_term_string}"},"query-input":{"@type":"PropertyValueSpecification","valueRequired":true,"valueName":"search_term_string"}}],"inLanguage":"pt-PT"},{"@type":"Organization","@id":"https:\/\/fcsn.org\/#organization","name":"Federation for Children with Special Needs","url":"https:\/\/fcsn.org\/","logo":{"@type":"ImageObject","inLanguage":"pt-PT","@id":"https:\/\/fcsn.org\/#\/schema\/logo\/image\/","url":"","contentUrl":"","caption":"Federation for Children with Special Needs"},"image":{"@id":"https:\/\/fcsn.org\/#\/schema\/logo\/image\/"}}]}},"jetpack_sharing_enabled":true,"_links":{"self":[{"href":"https:\/\/fcsn.org\/pt\/wp-json\/wp\/v2\/tribe_events\/23437","targetHints":{"allow":["GET"]}}],"collection":[{"href":"https:\/\/fcsn.org\/pt\/wp-json\/wp\/v2\/tribe_events"}],"about":[{"href":"https:\/\/fcsn.org\/pt\/wp-json\/wp\/v2\/types\/tribe_events"}],"author":[{"embeddable":true,"href":"https:\/\/fcsn.org\/pt\/wp-json\/wp\/v2\/users\/42"}],"version-history":[{"count":1,"href":"https:\/\/fcsn.org\/pt\/wp-json\/wp\/v2\/tribe_events\/23437\/revisions"}],"predecessor-version":[{"id":1387217,"href":"https:\/\/fcsn.org\/pt\/wp-json\/wp\/v2\/tribe_events\/23437\/revisions\/1387217"}],"wp:attachment":[{"href":"https:\/\/fcsn.org\/pt\/wp-json\/wp\/v2\/media?parent=23437"}],"wp:term":[{"taxonomy":"post_tag","embeddable":true,"href":"https:\/\/fcsn.org\/pt\/wp-json\/wp\/v2\/tags?post=23437"},{"taxonomy":"tribe_events_cat","embeddable":true,"href":"https:\/\/fcsn.org\/pt\/wp-json\/wp\/v2\/tribe_events_cat?post=23437"}],"curies":[{"name":"wp","href":"https:\/\/api.w.org\/{rel}","templated":true}]}}