{"id":23439,"date":"2025-04-23T12:10:17","date_gmt":"2025-04-23T16:10:17","guid":{"rendered":"https:\/\/fcsn.org\/?post_type=tribe_events&#038;p=23439"},"modified":"2025-07-07T11:56:31","modified_gmt":"2025-07-07T15:56:31","slug":"quyen-co-ban-lap-ke-hoach-chuyen-tiep","status":"publish","type":"tribe_events","link":"https:\/\/fcsn.org\/pt\/event\/quyen-co-ban-lap-ke-hoach-chuyen-tiep\/","title":{"rendered":"Quy\u1ec1n c\u01a1 b\u1ea3n: L\u1eadp k\u1ebf ho\u1ea1ch chuy\u1ec3n ti\u1ebfp"},"content":{"rendered":"<p>B\u00e0i thuy\u1ebft tr\u00ecnh n\u00e0y \u0111\u1ec1 c\u1eadp \u0111\u1ebfn vi\u1ec7c l\u1eadp k\u1ebf ho\u1ea1ch li\u00ean quan khi h\u1ecdc sinh \u1edf \u0111\u1ed9 tu\u1ed5i chuy\u1ec3n ti\u1ebfp. T\u1ea7m quan tr\u1ecdng c\u1ee7a vi\u1ec7c l\u1eadp k\u1ebf ho\u1ea1ch, vai tr\u00f2 c\u1ee7a c\u1ea3 ph\u1ee5 huynh\/ng\u01b0\u1eddi gi\u00e1m h\u1ed9 v\u00e0 h\u1ecdc sinh c\u0169ng nh\u01b0 nh\u1eefng d\u1ef1 \u0111\u1ecbnh sau khi h\u1ecdc sinh ho\u00e0n t\u1ea5t ch\u01b0\u01a1ng tr\u00ecnh trung h\u1ecdc. Ch\u00fang ta s\u1ebd th\u1ea3o lu\u1eadn v\u1ec1 c\u00e1ch chu\u1ea9n b\u1ecb cho cu\u1ed9c h\u1ecdp l\u1eadp k\u1ebf ho\u1ea1ch chuy\u1ec3n ti\u1ebfp, \u0111\u1ed9 tu\u1ed5i tr\u01b0\u1edfng th\u00e0nh v\u00e0 quy\u1ec1n th\u1ee7 t\u1ee5c t\u1ed1 t\u1ee5ng h\u1ee3p ph\u00e1p \u0111\u1ec3 gi\u1ea3i quy\u1ebft tranh ch\u1ea5p.<\/p>\n<p>Vui l\u00f2ng g\u1eedi email cho Vongtaychame Vi\u1ec7t theo \u0111\u1ecba ch\u1ec9 <a href=\"vongtaychameviet@gmail.com\">vongtaychameviet@gmail.com<\/a> \u0111\u1ec3 l\u1ea5y li\u00ean k\u1ebft cu\u1ed9c h\u1ecdp.<\/p>\n<p>Vui l\u00f2ng li\u00ean h\u1ec7 v\u1edbi KimChi Nguyen theo \u0111\u1ecba ch\u1ec9 <a href=\"knguyen@fcsn.org\">knguyen@fcsn.org<\/a> n\u1ebfu b\u1ea1n c\u00f3 b\u1ea5t k\u1ef3 c\u00e2u h\u1ecfi n\u00e0o v\u1ec1 b\u00e0i thuy\u1ebft tr\u00ecnh n\u00e0y.<\/p>\n<p>\u0110\u0103ng k\u00fd n\u00e0y \u00e1p d\u1ee5ng cho c\u1ea3 3 h\u1ed9i th\u1ea3o Quy\u1ec1n c\u01a1 b\u1ea3n s\u1ebd \u0111\u01b0\u1ee3c tr\u00ecnh b\u00e0y b\u1eb1ng ti\u1ebfng Vi\u1ec7t v\u00e0o ng\u00e0y 8 th\u00e1ng 5, ng\u00e0y 5 th\u00e1ng 6 v\u00e0 ng\u00e0y 12 th\u00e1ng 6. B\u1ea1n kh\u00f4ng c\u1ea7n ph\u1ea3i \u0111\u0103ng k\u00fd cho t\u1eebng h\u1ed9i th\u1ea3o ri\u00eang bi\u1ec7t.<\/p>\n<p class=\"gform_not_found\">Oops! We could not locate your form.<\/p>\n","protected":false},"excerpt":{"rendered":"<p>B\u00e0i thuy\u1ebft tr\u00ecnh n\u00e0y \u0111\u1ec1 c\u1eadp \u0111\u1ebfn vi\u1ec7c l\u1eadp k\u1ebf ho\u1ea1ch li\u00ean quan khi h\u1ecdc sinh \u1edf \u0111\u1ed9 tu\u1ed5i chuy\u1ec3n ti\u1ebfp. T\u1ea7m quan tr\u1ecdng c\u1ee7a vi\u1ec7c l\u1eadp k\u1ebf ho\u1ea1ch, vai [&hellip;]<\/p>\n","protected":false},"author":42,"featured_media":0,"template":"","meta":{"_acf_changed":false,"_et_pb_use_builder":"","_et_pb_old_content":"","_et_gb_content_width":"","_monsterinsights_skip_tracking":false,"_tribe_events_status":"","_tribe_events_status_reason":"","_tribe_events_is_hybrid":"","_tribe_events_is_virtual":"","_tribe_events_virtual_video_source":"","_tribe_events_virtual_embed_video":"","_tribe_events_virtual_linked_button_text":"","_tribe_events_virtual_linked_button":"","_tribe_events_virtual_show_embed_at":"","_tribe_events_virtual_show_embed_to":[],"_tribe_events_virtual_show_on_event":"","_tribe_events_virtual_show_on_views":"","_tribe_events_virtual_url":"","footnotes":""},"tags":[],"tribe_events_cat":[],"class_list":["post-23439","tribe_events","type-tribe_events","status-publish","hentry"],"translation":{"provider":"WPGlobus","version":"3.0.5","language":"pt","enabled_languages":["en","es","pt","ar","zh","vi"],"languages":{"en":{"title":true,"content":true,"excerpt":false},"es":{"title":false,"content":false,"excerpt":false},"pt":{"title":false,"content":false,"excerpt":false},"ar":{"title":false,"content":false,"excerpt":false},"zh":{"title":false,"content":false,"excerpt":false},"vi":{"title":false,"content":false,"excerpt":false}}},"acf":[],"yoast_head":"<!-- This site is optimized with the Yoast SEO plugin v28.4 - https:\/\/yoast.com\/product\/yoast-seo-wordpress\/ -->\n<title>Quy\u1ec1n c\u01a1 b\u1ea3n: L\u1eadp k\u1ebf ho\u1ea1ch chuy\u1ec3n ti\u1ebfp - Federation for Children with Special Needs<\/title>\n<meta name=\"robots\" content=\"index, follow, max-snippet:-1, max-image-preview:large, max-video-preview:-1\" \/>\n<link rel=\"canonical\" href=\"https:\/\/fcsn.org\/event\/quyen-co-ban-lap-ke-hoach-chuyen-tiep\/\" \/>\n<meta property=\"og:locale\" content=\"pt_PT\" \/>\n<meta property=\"og:type\" content=\"article\" \/>\n<meta property=\"og:title\" content=\"Quy\u1ec1n c\u01a1 b\u1ea3n: L\u1eadp k\u1ebf ho\u1ea1ch chuy\u1ec3n ti\u1ebfp - Federation for Children with Special Needs\" \/>\n<meta property=\"og:url\" content=\"https:\/\/fcsn.org\/event\/quyen-co-ban-lap-ke-hoach-chuyen-tiep\/\" \/>\n<meta property=\"og:site_name\" content=\"Federation for Children with Special Needs\" \/>\n<meta property=\"article:modified_time\" content=\"2025-07-07T15:56:31+00:00\" \/>\n<meta name=\"twitter:card\" content=\"summary_large_image\" \/>\n<meta name=\"twitter:label1\" content=\"Est. reading time\" \/>\n\t<meta name=\"twitter:data1\" content=\"1 minute\" \/>\n<script type=\"application\/ld+json\" class=\"yoast-schema-graph\">{\"@context\":\"https:\\\/\\\/schema.org\",\"@graph\":[{\"@type\":\"WebPage\",\"@id\":\"https:\\\/\\\/fcsn.org\\\/event\\\/quyen-co-ban-lap-ke-hoach-chuyen-tiep\\\/\",\"url\":\"https:\\\/\\\/fcsn.org\\\/event\\\/quyen-co-ban-lap-ke-hoach-chuyen-tiep\\\/\",\"name\":\"Quy\u1ec1n c\u01a1 b\u1ea3n: L\u1eadp k\u1ebf ho\u1ea1ch chuy\u1ec3n ti\u1ebfp - Federation for Children with Special Needs\",\"isPartOf\":{\"@id\":\"https:\\\/\\\/fcsn.org\\\/#website\"},\"datePublished\":\"2025-04-23T16:10:17+00:00\",\"dateModified\":\"2025-07-07T15:56:31+00:00\",\"breadcrumb\":{\"@id\":\"https:\\\/\\\/fcsn.org\\\/event\\\/quyen-co-ban-lap-ke-hoach-chuyen-tiep\\\/#breadcrumb\"},\"inLanguage\":\"pt-PT\",\"potentialAction\":[{\"@type\":\"ReadAction\",\"target\":[\"https:\\\/\\\/fcsn.org\\\/event\\\/quyen-co-ban-lap-ke-hoach-chuyen-tiep\\\/\"]}]},{\"@type\":\"BreadcrumbList\",\"@id\":\"https:\\\/\\\/fcsn.org\\\/event\\\/quyen-co-ban-lap-ke-hoach-chuyen-tiep\\\/#breadcrumb\",\"itemListElement\":[{\"@type\":\"ListItem\",\"position\":1,\"name\":\"Home\",\"item\":\"https:\\\/\\\/fcsn.org\\\/\"},{\"@type\":\"ListItem\",\"position\":2,\"name\":\"Events\",\"item\":\"https:\\\/\\\/staging3.fcsn.org\\\/events\\\/\"},{\"@type\":\"ListItem\",\"position\":3,\"name\":\"Quy\u1ec1n c\u01a1 b\u1ea3n: L\u1eadp k\u1ebf ho\u1ea1ch chuy\u1ec3n ti\u1ebfp\"}]},{\"@type\":\"WebSite\",\"@id\":\"https:\\\/\\\/fcsn.org\\\/#website\",\"url\":\"https:\\\/\\\/fcsn.org\\\/\",\"name\":\"Federation for Children with Special Needs\",\"description\":\"\",\"publisher\":{\"@id\":\"https:\\\/\\\/fcsn.org\\\/#organization\"},\"potentialAction\":[{\"@type\":\"SearchAction\",\"target\":{\"@type\":\"EntryPoint\",\"urlTemplate\":\"https:\\\/\\\/fcsn.org\\\/?s={search_term_string}\"},\"query-input\":{\"@type\":\"PropertyValueSpecification\",\"valueRequired\":true,\"valueName\":\"search_term_string\"}}],\"inLanguage\":\"pt-PT\"},{\"@type\":\"Organization\",\"@id\":\"https:\\\/\\\/fcsn.org\\\/#organization\",\"name\":\"Federation for Children with Special Needs\",\"url\":\"https:\\\/\\\/fcsn.org\\\/\",\"logo\":{\"@type\":\"ImageObject\",\"inLanguage\":\"pt-PT\",\"@id\":\"https:\\\/\\\/fcsn.org\\\/#\\\/schema\\\/logo\\\/image\\\/\",\"url\":\"\",\"contentUrl\":\"\",\"caption\":\"Federation for Children with Special Needs\"},\"image\":{\"@id\":\"https:\\\/\\\/fcsn.org\\\/#\\\/schema\\\/logo\\\/image\\\/\"}}]}<\/script>\n<!-- \/ Yoast SEO plugin. -->","yoast_head_json":{"title":"Quy\u1ec1n c\u01a1 b\u1ea3n: L\u1eadp k\u1ebf ho\u1ea1ch chuy\u1ec3n ti\u1ebfp - Federation for Children with Special Needs","robots":{"index":"index","follow":"follow","max-snippet":"max-snippet:-1","max-image-preview":"max-image-preview:large","max-video-preview":"max-video-preview:-1"},"canonical":"https:\/\/fcsn.org\/event\/quyen-co-ban-lap-ke-hoach-chuyen-tiep\/","og_locale":"pt_PT","og_type":"article","og_title":"Quy\u1ec1n c\u01a1 b\u1ea3n: L\u1eadp k\u1ebf ho\u1ea1ch chuy\u1ec3n ti\u1ebfp - Federation for Children with Special Needs","og_url":"https:\/\/fcsn.org\/event\/quyen-co-ban-lap-ke-hoach-chuyen-tiep\/","og_site_name":"Federation for Children with Special Needs","article_modified_time":"2025-07-07T15:56:31+00:00","twitter_card":"summary_large_image","twitter_misc":{"Est. reading time":"1 minute"},"schema":{"@context":"https:\/\/schema.org","@graph":[{"@type":"WebPage","@id":"https:\/\/fcsn.org\/event\/quyen-co-ban-lap-ke-hoach-chuyen-tiep\/","url":"https:\/\/fcsn.org\/event\/quyen-co-ban-lap-ke-hoach-chuyen-tiep\/","name":"Quy\u1ec1n c\u01a1 b\u1ea3n: L\u1eadp k\u1ebf ho\u1ea1ch chuy\u1ec3n ti\u1ebfp - Federation for Children with Special Needs","isPartOf":{"@id":"https:\/\/fcsn.org\/#website"},"datePublished":"2025-04-23T16:10:17+00:00","dateModified":"2025-07-07T15:56:31+00:00","breadcrumb":{"@id":"https:\/\/fcsn.org\/event\/quyen-co-ban-lap-ke-hoach-chuyen-tiep\/#breadcrumb"},"inLanguage":"pt-PT","potentialAction":[{"@type":"ReadAction","target":["https:\/\/fcsn.org\/event\/quyen-co-ban-lap-ke-hoach-chuyen-tiep\/"]}]},{"@type":"BreadcrumbList","@id":"https:\/\/fcsn.org\/event\/quyen-co-ban-lap-ke-hoach-chuyen-tiep\/#breadcrumb","itemListElement":[{"@type":"ListItem","position":1,"name":"Home","item":"https:\/\/fcsn.org\/"},{"@type":"ListItem","position":2,"name":"Events","item":"https:\/\/staging3.fcsn.org\/events\/"},{"@type":"ListItem","position":3,"name":"Quy\u1ec1n c\u01a1 b\u1ea3n: L\u1eadp k\u1ebf ho\u1ea1ch chuy\u1ec3n ti\u1ebfp"}]},{"@type":"WebSite","@id":"https:\/\/fcsn.org\/#website","url":"https:\/\/fcsn.org\/","name":"Federation for Children with Special Needs","description":"","publisher":{"@id":"https:\/\/fcsn.org\/#organization"},"potentialAction":[{"@type":"SearchAction","target":{"@type":"EntryPoint","urlTemplate":"https:\/\/fcsn.org\/?s={search_term_string}"},"query-input":{"@type":"PropertyValueSpecification","valueRequired":true,"valueName":"search_term_string"}}],"inLanguage":"pt-PT"},{"@type":"Organization","@id":"https:\/\/fcsn.org\/#organization","name":"Federation for Children with Special Needs","url":"https:\/\/fcsn.org\/","logo":{"@type":"ImageObject","inLanguage":"pt-PT","@id":"https:\/\/fcsn.org\/#\/schema\/logo\/image\/","url":"","contentUrl":"","caption":"Federation for Children with Special Needs"},"image":{"@id":"https:\/\/fcsn.org\/#\/schema\/logo\/image\/"}}]}},"jetpack_sharing_enabled":true,"_links":{"self":[{"href":"https:\/\/fcsn.org\/pt\/wp-json\/wp\/v2\/tribe_events\/23439","targetHints":{"allow":["GET"]}}],"collection":[{"href":"https:\/\/fcsn.org\/pt\/wp-json\/wp\/v2\/tribe_events"}],"about":[{"href":"https:\/\/fcsn.org\/pt\/wp-json\/wp\/v2\/types\/tribe_events"}],"author":[{"embeddable":true,"href":"https:\/\/fcsn.org\/pt\/wp-json\/wp\/v2\/users\/42"}],"version-history":[{"count":1,"href":"https:\/\/fcsn.org\/pt\/wp-json\/wp\/v2\/tribe_events\/23439\/revisions"}],"predecessor-version":[{"id":1387225,"href":"https:\/\/fcsn.org\/pt\/wp-json\/wp\/v2\/tribe_events\/23439\/revisions\/1387225"}],"wp:attachment":[{"href":"https:\/\/fcsn.org\/pt\/wp-json\/wp\/v2\/media?parent=23439"}],"wp:term":[{"taxonomy":"post_tag","embeddable":true,"href":"https:\/\/fcsn.org\/pt\/wp-json\/wp\/v2\/tags?post=23439"},{"taxonomy":"tribe_events_cat","embeddable":true,"href":"https:\/\/fcsn.org\/pt\/wp-json\/wp\/v2\/tribe_events_cat?post=23439"}],"curies":[{"name":"wp","href":"https:\/\/api.w.org\/{rel}","templated":true}]}}